{"id":859,"date":"2023-12-06T13:30:35","date_gmt":"2023-12-06T13:30:35","guid":{"rendered":"https:\/\/skadarlake-tbr.org\/rreth-projektit\/project-partners\/"},"modified":"2023-12-19T15:20:25","modified_gmt":"2023-12-19T15:20:25","slug":"partneret-e-projektit","status":"publish","type":"page","link":"http:\/\/skadarlake-tbr.org\/sq\/rreth-projektit\/partneret-e-projektit\/","title":{"rendered":"Partner\u00ebt e projektit"},"content":{"rendered":"<ul>\n<li>EDEN \u00ebsht\u00eb aplikanti kryesor n\u00eb k\u00ebt\u00eb projekt, dhe nj\u00eb organizat\u00eb q\u00eb vjen me p\u00ebrvoj\u00eb t\u00eb fort\u00eb n\u00eb menaxhimin e projekteve, politikat mjedisore dhe kapacitet shkencor. Organizata ka nj\u00eb rrjet t\u00eb mir\u00eb me pal\u00ebt e interesit, universitetet dhe ekspert\u00ebt n\u00eb rajon dhe n\u00eb nivel nd\u00ebrkomb\u00ebtar. EDEN ka p\u00ebrvoj\u00eb t\u00eb drejtp\u00ebrdrejt\u00eb me t\u00eb gjitha grupet e synuara t\u00eb projektit dhe \u00ebsht\u00eb nd\u00ebr OJQ-t\u00eb kryesore mjedisore n\u00eb proceset pjes\u00ebmarr\u00ebse.<br \/>\n<strong><a href=\"https:\/\/www.eden-al.org\/\">www.eden-al.org<\/a><\/strong><\/li>\n<\/ul>\n<p>&nbsp;<\/p>\n<ul>\n<li>EnvPro, Mali i Zi, \u00ebsht\u00eb nj\u00eb partner n\u00eb k\u00ebt\u00eb projekt dhe sjell ekspertiz\u00eb globale dhe vendore n\u00eb metodat, mjetet dhe qasjet p\u00ebr programin bashk\u00ebkohor t\u00eb rrjetit MAB BR t\u00eb UNESCO-s dhe vendet e ekselenc\u00ebs, gjithashtu p\u00ebrvoj\u00eb n\u00eb proceset multisektorale dhe pjes\u00ebmarr\u00ebse, dhe njohuri n\u00eb menaxhimin e zonave t\u00eb mbrojtura, monitorimin dhe programet e komunikimit.<br \/>\n<strong><a href=\"https:\/\/envpro.me\/en\">envpro.me\/en<\/a><\/strong><\/li>\n<\/ul>\n<p>&nbsp;<\/p>\n<ul>\n<li>Agjencia Publike e Parqeve Komb\u00ebtare t\u00eb Malit t\u00eb Zi\u00a0 \u00ebsht\u00eb partner n\u00eb Mal t\u00eb Zi, si institucion i mandatuar n\u00eb menaxhimin e parqeve komb\u00ebtare n\u00eb Mal t\u00eb Zi, p\u00ebrfshir\u00eb liqenin e Shkodr\u00ebs, dhe n\u00eb k\u00ebt\u00eb projekt merr pjes\u00eb n\u00eb t\u00eb gjitha aktivitetet e projektit dhe udh\u00ebheq aktivitetet q\u00eb lidhen me ruajtjen.<br \/>\n<strong><a href=\"https:\/\/nparkovi.me\/en\/\">nparkovi.me\/en<\/a><\/strong><\/li>\n<\/ul>\n<p>&nbsp;<\/p>\n<ul>\n<li>Agjencia Komb\u00ebtare e Zonave t\u00eb Mbrojtura n\u00eb Shqip\u00ebri \u00ebsht\u00eb nj\u00eb partner n\u00eb Shqip\u00ebri, institucion i mandatuar me menaxhimin dhe administrimin e zonave t\u00eb mbrojtura, ai do t\u00eb jet\u00eb p\u00ebrb\u00ebr\u00ebsi kryesor i procesit t\u00eb p\u00ebrgjithsh\u00ebm, por gjithashtu do t\u00eb ket\u00eb nj\u00eb rol udh\u00ebheq\u00ebs n\u00eb mb\u00ebshtetjen e zhvillimeve t\u00eb programeve t\u00eb monitorimit dhe zbatimin e aktiviteteve t\u00eb ruajtjes.<br \/>\n<strong><a href=\"https:\/\/akzm.gov.al\/\">akzm.gov.al<\/a><\/strong><\/li>\n<\/ul>\n<p>&nbsp;<\/p>\n<ul>\n<li>Ministria e Turizmit, Ekologjis\u00eb, Zhvillimit t\u00eb Q\u00ebndruesh\u00ebm dhe Zhvillimit t\u00eb Veriut \u00ebsht\u00eb partner i asociuar n\u00eb Malin e Zi dhe kryen detyra administruese n\u00eb lidhje me: p\u00ebrgatitjen dhe monitorimin e rregulloreve dhe planifikimin strategjik t\u00eb sistemeve n\u00eb fush\u00ebn e turizmit, ekologjis\u00eb, zhvillimit t\u00eb q\u00ebndruesh\u00ebm dhe zhvillimit t\u00eb Veriu.<br \/>\n<strong><a href=\"https:\/\/www.gov.me\/en\/mert\">www.gov.me\/en\/mert<\/a><\/strong><\/li>\n<\/ul>\n<p>&nbsp;<\/p>\n<ul>\n<li>Agjencia e Mbrojtjes s\u00eb Mjedisit\u00a0 e Malit t\u00eb Zi \u00ebsht\u00eb partner i asociuar. Agjencia kryen detyra profesionale dhe administrative p\u00ebrkat\u00ebse n\u00eb fush\u00ebn e mbrojtjes s\u00eb mjedisit, p\u00ebrkat\u00ebsisht monitorimin e mjedisit, p\u00ebrgatit analiza dhe raporte, l\u00ebshon leje dhe komunikon me autoritetet dhe organizatat p\u00ebrkat\u00ebse vendase dhe nd\u00ebrkomb\u00ebtare, si dhe me publikun.<br \/>\n<strong><a href=\"https:\/\/epa.org.me\/\">epa.org.me<\/a><\/strong><\/li>\n<\/ul>\n<p>&nbsp;<\/p>\n<ul>\n<li>Ministria e Turizmit dhe Mjedisit n\u00eb Shqip\u00ebri &#8211; \u00ebsht\u00eb partner i asociuar i projektit n\u00eb Shqip\u00ebri dhe p\u00ebrfaq\u00ebson institucionin kryesor dhe drejtues p\u00ebr hartimin e politikave mjedisore dhe t\u00eb zhvillimit t\u00eb turizmit, planeve t\u00eb veprimit dhe monitorimit t\u00eb tyre n\u00ebp\u00ebrmjet agjencive p\u00ebrkat\u00ebse.<br \/>\n<strong><a href=\"https:\/\/turizmi.gov.al\/\">turizmi.gov.al<\/a><\/strong><\/li>\n<\/ul>\n<p>&nbsp;<\/p>\n<p style=\"padding-left: 40px;\"><strong>Donatori<\/strong><\/p>\n<p style=\"padding-left: 40px;\">Ky projekt financohet nga BE, p\u00ebrmes Programit t\u00eb Bashk\u00ebpunimit Nd\u00ebrkufitar Mali i Zi Shqip\u00ebri 2014 \u2013 2020.<\/p>\n<p style=\"padding-left: 40px;\"><strong><a href=\"https:\/\/www.cbc-mne-alb.org\/\">www.cbc-mne-alb.org<\/a><\/strong><\/p>\n<p>&nbsp;<\/p>\n<p><img loading=\"lazy\" decoding=\"async\" class=\"aligncenter size-full wp-image-762\" src=\"http:\/\/skadarlake-tbr.org\/wp-content\/uploads\/2023\/12\/rollup-skadar-lake-scaled.jpg\" alt=\"\" width=\"2560\" height=\"980\" srcset=\"http:\/\/skadarlake-tbr.org\/wp-content\/uploads\/2023\/12\/rollup-skadar-lake-scaled.jpg 2560w, http:\/\/skadarlake-tbr.org\/wp-content\/uploads\/2023\/12\/rollup-skadar-lake-300x115.jpg 300w, http:\/\/skadarlake-tbr.org\/wp-content\/uploads\/2023\/12\/rollup-skadar-lake-1024x392.jpg 1024w\" sizes=\"auto, (max-width: 2560px) 100vw, 2560px\" \/><\/p>\n","protected":false},"excerpt":{"rendered":"<p>EDEN \u00ebsht\u00eb aplikanti kryesor n\u00eb k\u00ebt\u00eb projekt, dhe nj\u00eb organizat\u00eb q\u00eb vjen me p\u00ebrvoj\u00eb t\u00eb fort\u00eb n\u00eb menaxhimin e projekteve, politikat mjedisore dhe kapacitet shkencor. Organizata ka nj\u00eb rrjet t\u00eb mir\u00eb me pal\u00ebt e interesit, universitetet dhe ekspert\u00ebt n\u00eb rajon dhe n\u00eb nivel nd\u00ebrkomb\u00ebtar. EDEN ka p\u00ebrvoj\u00eb t\u00eb drejtp\u00ebrdrejt\u00eb me t\u00eb gjitha grupet e synuara&#8230;<\/p>\n","protected":false},"author":1,"featured_media":463,"parent":819,"menu_order":2,"comment_status":"closed","ping_status":"closed","template":"","meta":{"om_disable_all_campaigns":false,"_monsterinsights_skip_tracking":false,"_monsterinsights_sitenote_active":false,"_monsterinsights_sitenote_note":"","_monsterinsights_sitenote_category":0,"_uf_show_specific_survey":0,"_uf_disable_surveys":false,"footnotes":""},"categories":[27],"tags":[],"class_list":["post-859","page","type-page","status-publish","has-post-thumbnail","hentry","category-about-sq"],"acf":[],"aioseo_notices":[],"_links":{"self":[{"href":"http:\/\/skadarlake-tbr.org\/sq\/wp-json\/wp\/v2\/pages\/859","targetHints":{"allow":["GET"]}}],"collection":[{"href":"http:\/\/skadarlake-tbr.org\/sq\/wp-json\/wp\/v2\/pages"}],"about":[{"href":"http:\/\/skadarlake-tbr.org\/sq\/wp-json\/wp\/v2\/types\/page"}],"author":[{"embeddable":true,"href":"http:\/\/skadarlake-tbr.org\/sq\/wp-json\/wp\/v2\/users\/1"}],"replies":[{"embeddable":true,"href":"http:\/\/skadarlake-tbr.org\/sq\/wp-json\/wp\/v2\/comments?post=859"}],"version-history":[{"count":2,"href":"http:\/\/skadarlake-tbr.org\/sq\/wp-json\/wp\/v2\/pages\/859\/revisions"}],"predecessor-version":[{"id":861,"href":"http:\/\/skadarlake-tbr.org\/sq\/wp-json\/wp\/v2\/pages\/859\/revisions\/861"}],"up":[{"embeddable":true,"href":"http:\/\/skadarlake-tbr.org\/sq\/wp-json\/wp\/v2\/pages\/819"}],"wp:featuredmedia":[{"embeddable":true,"href":"http:\/\/skadarlake-tbr.org\/sq\/wp-json\/wp\/v2\/media\/463"}],"wp:attachment":[{"href":"http:\/\/skadarlake-tbr.org\/sq\/wp-json\/wp\/v2\/media?parent=859"}],"wp:term":[{"taxonomy":"category","embeddable":true,"href":"http:\/\/skadarlake-tbr.org\/sq\/wp-json\/wp\/v2\/categories?post=859"},{"taxonomy":"post_tag","embeddable":true,"href":"http:\/\/skadarlake-tbr.org\/sq\/wp-json\/wp\/v2\/tags?post=859"}],"curies":[{"name":"wp","href":"https:\/\/api.w.org\/{rel}","templated":true}]}}