{"id":862,"date":"2023-12-06T18:00:53","date_gmt":"2023-12-06T18:00:53","guid":{"rendered":"https:\/\/skadarlake-tbr.org\/rreth-projektit\/unesco-man-and-biosphere-programme\/"},"modified":"2023-12-19T15:23:28","modified_gmt":"2023-12-19T15:23:28","slug":"programi-i-unesco-s-njeriu-dhe-biosfera","status":"publish","type":"page","link":"http:\/\/skadarlake-tbr.org\/sq\/rreth-projektit\/programi-i-unesco-s-njeriu-dhe-biosfera\/","title":{"rendered":"Programi i UNESCO-s Njeriu dhe Biosfera"},"content":{"rendered":"<p><img loading=\"lazy\" decoding=\"async\" class=\"krug wp-image-666 alignleft\" src=\"http:\/\/skadarlake-tbr.org\/wp-content\/uploads\/2023\/12\/aerial-view-of-tourists-on-paddleboards-in-rijeka-2023-11-27-05-11-36-utc-1-scaled-e1702898951202.jpg\" alt=\"\" width=\"153\" height=\"153\" srcset=\"http:\/\/skadarlake-tbr.org\/wp-content\/uploads\/2023\/12\/aerial-view-of-tourists-on-paddleboards-in-rijeka-2023-11-27-05-11-36-utc-1-scaled-e1702898951202.jpg 1433w, http:\/\/skadarlake-tbr.org\/wp-content\/uploads\/2023\/12\/aerial-view-of-tourists-on-paddleboards-in-rijeka-2023-11-27-05-11-36-utc-1-scaled-e1702898951202-300x300.jpg 300w, http:\/\/skadarlake-tbr.org\/wp-content\/uploads\/2023\/12\/aerial-view-of-tourists-on-paddleboards-in-rijeka-2023-11-27-05-11-36-utc-1-scaled-e1702898951202-1024x1024.jpg 1024w, http:\/\/skadarlake-tbr.org\/wp-content\/uploads\/2023\/12\/aerial-view-of-tourists-on-paddleboards-in-rijeka-2023-11-27-05-11-36-utc-1-scaled-e1702898951202-150x150.jpg 150w\" sizes=\"auto, (max-width: 153px) 100vw, 153px\" \/><\/p>\n<p>Organizata e Kombeve t\u00eb Bashkuara p\u00ebr Arsim, Shkenc\u00eb dhe Kultur\u00eb (UNESCO) filloi programin &#8216;Njeriu dhe Biosfera&#8217; n\u00eb 1970, si nj\u00eb program shkencor nd\u00ebrqeveritar q\u00eb thekson r\u00ebnd\u00ebsin\u00eb e vendosjes s\u00eb nj\u00eb ekuilibri midis ruajtjes s\u00eb biodiversitetit nga nj\u00ebra an\u00eb dhe nevojave zhvillimore t\u00eb komuniteti lokal nga ana tjet\u00ebr.<\/p>\n<p>Si pjes\u00eb e k\u00ebtij Programi, u krijua nj\u00eb rrjet mbar\u00ebbot\u00ebror i rezervave t\u00eb biosfer\u00ebs, si zona t\u00eb njohura nd\u00ebrkomb\u00ebtarisht q\u00eb promovojn\u00eb zgjidhje p\u00ebr nj\u00eb marr\u00ebdh\u00ebnie harmonike midis mbrojtjes s\u00eb biodiversitetit dhe p\u00ebrdorimit t\u00eb q\u00ebndruesh\u00ebm t\u00eb tij, n\u00ebp\u00ebrmjet p\u00ebrmbushjes s\u00eb tre funksioneve baz\u00eb t\u00eb rezervave t\u00eb biosfer\u00ebs:<\/p>\n<ul>\n<li><strong>Funksioni mbrojt\u00ebs \u2013 rezervat kontribuojn\u00eb n\u00eb ruajtjen e peizazheve, ekosistemeve, specieve dhe diversitetit gjenetik;<\/strong><\/li>\n<li><strong>Funksioni zhvillues &#8211; rezervat nxisin zhvillimin ekonomik dhe social, si nje zhvillim te qendruesh\u00ebm ne aspektin socio-kulturor dhe ate ekologjik;<\/strong><\/li>\n<li><strong>Funksioni logjistik &#8211; rezervat ofrojn\u00eb mb\u00ebshtetje p\u00ebr k\u00ebrkimin, monitorimin, edukimin dhe shk\u00ebmbimin e informacionit p\u00ebr mbrojtjen dhe zhvillimin e q\u00ebndruesh\u00ebm.<\/strong><\/li>\n<\/ul>\n<p><img loading=\"lazy\" decoding=\"async\" class=\"krug alignleft wp-image-674\" src=\"http:\/\/skadarlake-tbr.org\/wp-content\/uploads\/2023\/12\/skadar-lake-park-2023-11-27-05-03-02-utc-1-scaled-e1702899422635.jpg\" alt=\"\" width=\"153\" height=\"153\" srcset=\"http:\/\/skadarlake-tbr.org\/wp-content\/uploads\/2023\/12\/skadar-lake-park-2023-11-27-05-03-02-utc-1-scaled-e1702899422635.jpg 1750w, http:\/\/skadarlake-tbr.org\/wp-content\/uploads\/2023\/12\/skadar-lake-park-2023-11-27-05-03-02-utc-1-scaled-e1702899422635-300x300.jpg 300w, http:\/\/skadarlake-tbr.org\/wp-content\/uploads\/2023\/12\/skadar-lake-park-2023-11-27-05-03-02-utc-1-scaled-e1702899422635-1024x1024.jpg 1024w, http:\/\/skadarlake-tbr.org\/wp-content\/uploads\/2023\/12\/skadar-lake-park-2023-11-27-05-03-02-utc-1-scaled-e1702899422635-150x150.jpg 150w\" sizes=\"auto, (max-width: 153px) 100vw, 153px\" \/><\/p>\n<p>Programi Njeriu dhe Biosfera ishte nd\u00ebr t\u00eb par\u00ebt n\u00eb bot\u00eb q\u00eb theksoi r\u00ebnd\u00ebsin\u00eb e vendosjes s\u00eb nj\u00eb ekuilibri midis ruajtjes s\u00eb diversitetit biologjik dhe nevojave zhvillimore t\u00eb komunitetit lokal, p\u00ebr k\u00ebt\u00eb arsye u mb\u00ebshtet nga Kongresi Bot\u00ebror i Parqeve dhe sot ai\u00a0 kontribuon n\u00eb zbatimin e Konvent\u00ebs p\u00ebr Diversitetin Biologjik dhe Objektivat e Zhvillimit t\u00eb Mij\u00ebvje\u00e7arit t\u00eb OKB-s\u00eb.<\/p>\n<p>Detyra themelore n\u00eb menaxhimin e rezerv\u00ebs biosfer\u00eb \u00ebsht\u00eb krijimi i nj\u00eb bashk\u00ebpunimi t\u00eb ngusht\u00eb nd\u00ebrmjet ekspert\u00ebve t\u00eb ndrysh\u00ebm dhe grupeve t\u00eb njer\u00ebzve n\u00eb planifikimin e mbrojtjes dhe zhvillimit t\u00eb zon\u00ebs, p\u00ebr sh\u00ebmbull., shkenc\u00ebtar\u00eb dhe ekspert\u00eb nga sfera e shkencave natyrore dhe sociale, aktor\u00eb nga mjedisi, sektori i mbrojtjes, p\u00ebrfaq\u00ebsues t\u00eb sektorit publik dhe pjes\u00ebtar\u00eb t\u00eb komunitetit lokal.<\/p>\n<p>M\u00eb shum\u00eb detaje rreth procesit t\u00eb p\u00ebrcaktimit t\u00eb MAB t\u00eb UNESCO-s mund t\u00eb gjenden k\u00ebtu:<br \/>\n<strong><a href=\"https:\/\/en.unesco.org\/biosphere\/designation\" target=\"_blank\" rel=\"noopener\">en.unesco.org\/biosphere\/designation<\/a><\/strong><\/p>\n","protected":false},"excerpt":{"rendered":"<p>Organizata e Kombeve t\u00eb Bashkuara p\u00ebr Arsim, Shkenc\u00eb dhe Kultur\u00eb (UNESCO) filloi programin &#8216;Njeriu dhe Biosfera&#8217; n\u00eb 1970, si nj\u00eb program shkencor nd\u00ebrqeveritar q\u00eb thekson r\u00ebnd\u00ebsin\u00eb e vendosjes s\u00eb nj\u00eb ekuilibri midis ruajtjes s\u00eb biodiversitetit nga nj\u00ebra an\u00eb dhe nevojave zhvillimore t\u00eb komuniteti lokal nga ana tjet\u00ebr. Si pjes\u00eb e k\u00ebtij Programi, u krijua nj\u00eb&#8230;<\/p>\n","protected":false},"author":1,"featured_media":505,"parent":819,"menu_order":3,"comment_status":"closed","ping_status":"closed","template":"","meta":{"om_disable_all_campaigns":false,"_monsterinsights_skip_tracking":false,"_monsterinsights_sitenote_active":false,"_monsterinsights_sitenote_note":"","_monsterinsights_sitenote_category":0,"_uf_show_specific_survey":0,"_uf_disable_surveys":false,"footnotes":""},"categories":[27],"tags":[],"class_list":["post-862","page","type-page","status-publish","has-post-thumbnail","hentry","category-about-sq"],"acf":[],"aioseo_notices":[],"_links":{"self":[{"href":"http:\/\/skadarlake-tbr.org\/sq\/wp-json\/wp\/v2\/pages\/862","targetHints":{"allow":["GET"]}}],"collection":[{"href":"http:\/\/skadarlake-tbr.org\/sq\/wp-json\/wp\/v2\/pages"}],"about":[{"href":"http:\/\/skadarlake-tbr.org\/sq\/wp-json\/wp\/v2\/types\/page"}],"author":[{"embeddable":true,"href":"http:\/\/skadarlake-tbr.org\/sq\/wp-json\/wp\/v2\/users\/1"}],"replies":[{"embeddable":true,"href":"http:\/\/skadarlake-tbr.org\/sq\/wp-json\/wp\/v2\/comments?post=862"}],"version-history":[{"count":2,"href":"http:\/\/skadarlake-tbr.org\/sq\/wp-json\/wp\/v2\/pages\/862\/revisions"}],"predecessor-version":[{"id":864,"href":"http:\/\/skadarlake-tbr.org\/sq\/wp-json\/wp\/v2\/pages\/862\/revisions\/864"}],"up":[{"embeddable":true,"href":"http:\/\/skadarlake-tbr.org\/sq\/wp-json\/wp\/v2\/pages\/819"}],"wp:featuredmedia":[{"embeddable":true,"href":"http:\/\/skadarlake-tbr.org\/sq\/wp-json\/wp\/v2\/media\/505"}],"wp:attachment":[{"href":"http:\/\/skadarlake-tbr.org\/sq\/wp-json\/wp\/v2\/media?parent=862"}],"wp:term":[{"taxonomy":"category","embeddable":true,"href":"http:\/\/skadarlake-tbr.org\/sq\/wp-json\/wp\/v2\/categories?post=862"},{"taxonomy":"post_tag","embeddable":true,"href":"http:\/\/skadarlake-tbr.org\/sq\/wp-json\/wp\/v2\/tags?post=862"}],"curies":[{"name":"wp","href":"https:\/\/api.w.org\/{rel}","templated":true}]}}